{"id":2207,"date":"2022-07-06T16:34:40","date_gmt":"2022-07-06T14:34:40","guid":{"rendered":"https:\/\/www.fondsdedotationroullier.org\/?post_type=projet&#038;p=2207"},"modified":"2025-06-10T12:03:26","modified_gmt":"2025-06-10T10:03:26","slug":"chaire-biodiversite-et-changement-climatique","status":"publish","type":"projet","link":"https:\/\/www.fondsdedotationroullier.org\/fr\/projet\/chaire-biodiversite-et-changement-climatique\/","title":{"rendered":"Chaire Biodiversit\u00e9 et changement climatique"},"content":{"rendered":"","protected":false},"featured_media":2216,"template":"","class_list":["post-2207","projet","type-projet","status-publish","has-post-thumbnail","hentry"],"acf":[],"yoast_head":"<!-- This site is optimized with the Yoast SEO plugin v27.3 - https:\/\/yoast.com\/product\/yoast-seo-wordpress\/ -->\n<title>Chaire Biodiversit\u00e9 et changement climatique - Fonds de Dotation Roullier<\/title>\n<meta name=\"description\" content=\"le FDR est partenaire de la Chaire &quot;Biodiversit\u00e9 et Changement Climatique&quot; \u00e9tudiant les atouts de la biodiversit\u00e9 en agriculture.\" \/>\n<meta name=\"robots\" content=\"index, follow, max-snippet:-1, max-image-preview:large, max-video-preview:-1\" \/>\n<link rel=\"canonical\" href=\"https:\/\/www.fondsdedotationroullier.org\/fr\/projet\/chaire-biodiversite-et-changement-climatique\/\" \/>\n<meta property=\"og:locale\" content=\"fr_FR\" \/>\n<meta property=\"og:type\" content=\"article\" \/>\n<meta property=\"og:title\" content=\"Chaire Biodiversit\u00e9 et changement climatique - Fonds de Dotation Roullier\" \/>\n<meta property=\"og:description\" content=\"le FDR est partenaire de la Chaire &quot;Biodiversit\u00e9 et Changement Climatique&quot; \u00e9tudiant les atouts de la biodiversit\u00e9 en agriculture.\" \/>\n<meta property=\"og:url\" content=\"https:\/\/www.fondsdedotationroullier.org\/fr\/projet\/chaire-biodiversite-et-changement-climatique\/\" \/>\n<meta property=\"og:site_name\" content=\"Fonds de Dotation Roullier\" \/>\n<meta property=\"article:modified_time\" content=\"2025-06-10T10:03:26+00:00\" \/>\n<meta property=\"og:image\" content=\"https:\/\/www.fondsdedotationroullier.org\/wp-content\/uploads\/2022\/07\/Partenariat-sur-la-biodiversite-changement-climatique.jpg\" \/>\n\t<meta property=\"og:image:width\" content=\"400\" \/>\n\t<meta property=\"og:image:height\" content=\"400\" \/>\n\t<meta property=\"og:image:type\" content=\"image\/jpeg\" \/>\n<meta name=\"twitter:card\" content=\"summary_large_image\" \/>\n<script type=\"application\/ld+json\" class=\"yoast-schema-graph\">{\"@context\":\"https:\\\/\\\/schema.org\",\"@graph\":[{\"@type\":\"WebPage\",\"@id\":\"https:\\\/\\\/www.fondsdedotationroullier.org\\\/fr\\\/projet\\\/chaire-biodiversite-et-changement-climatique\\\/\",\"url\":\"https:\\\/\\\/www.fondsdedotationroullier.org\\\/fr\\\/projet\\\/chaire-biodiversite-et-changement-climatique\\\/\",\"name\":\"Chaire Biodiversit\u00e9 et changement climatique - Fonds de Dotation Roullier\",\"isPartOf\":{\"@id\":\"https:\\\/\\\/www.fondsdedotationroullier.org\\\/en\\\/#website\"},\"primaryImageOfPage\":{\"@id\":\"https:\\\/\\\/www.fondsdedotationroullier.org\\\/fr\\\/projet\\\/chaire-biodiversite-et-changement-climatique\\\/#primaryimage\"},\"image\":{\"@id\":\"https:\\\/\\\/www.fondsdedotationroullier.org\\\/fr\\\/projet\\\/chaire-biodiversite-et-changement-climatique\\\/#primaryimage\"},\"thumbnailUrl\":\"https:\\\/\\\/www.fondsdedotationroullier.org\\\/wp-content\\\/uploads\\\/2022\\\/07\\\/Partenariat-sur-la-biodiversite-changement-climatique.jpg\",\"datePublished\":\"2022-07-06T14:34:40+00:00\",\"dateModified\":\"2025-06-10T10:03:26+00:00\",\"description\":\"le FDR est partenaire de la Chaire \\\"Biodiversit\u00e9 et Changement Climatique\\\" \u00e9tudiant les atouts de la biodiversit\u00e9 en agriculture.\",\"breadcrumb\":{\"@id\":\"https:\\\/\\\/www.fondsdedotationroullier.org\\\/fr\\\/projet\\\/chaire-biodiversite-et-changement-climatique\\\/#breadcrumb\"},\"inLanguage\":\"fr-FR\",\"potentialAction\":[{\"@type\":\"ReadAction\",\"target\":[\"https:\\\/\\\/www.fondsdedotationroullier.org\\\/fr\\\/projet\\\/chaire-biodiversite-et-changement-climatique\\\/\"]}]},{\"@type\":\"ImageObject\",\"inLanguage\":\"fr-FR\",\"@id\":\"https:\\\/\\\/www.fondsdedotationroullier.org\\\/fr\\\/projet\\\/chaire-biodiversite-et-changement-climatique\\\/#primaryimage\",\"url\":\"https:\\\/\\\/www.fondsdedotationroullier.org\\\/wp-content\\\/uploads\\\/2022\\\/07\\\/Partenariat-sur-la-biodiversite-changement-climatique.jpg\",\"contentUrl\":\"https:\\\/\\\/www.fondsdedotationroullier.org\\\/wp-content\\\/uploads\\\/2022\\\/07\\\/Partenariat-sur-la-biodiversite-changement-climatique.jpg\",\"width\":400,\"height\":400,\"caption\":\"Un partenariat du Fonds de Dotation Roullier sur la biodiversit\u00e9\"},{\"@type\":\"BreadcrumbList\",\"@id\":\"https:\\\/\\\/www.fondsdedotationroullier.org\\\/fr\\\/projet\\\/chaire-biodiversite-et-changement-climatique\\\/#breadcrumb\",\"itemListElement\":[{\"@type\":\"ListItem\",\"position\":1,\"name\":\"Accueil\",\"item\":\"https:\\\/\\\/www.fondsdedotationroullier.org\\\/fr\\\/\"},{\"@type\":\"ListItem\",\"position\":2,\"name\":\"Chaire Biodiversit\u00e9 et changement climatique\"}]},{\"@type\":\"WebSite\",\"@id\":\"https:\\\/\\\/www.fondsdedotationroullier.org\\\/en\\\/#website\",\"url\":\"https:\\\/\\\/www.fondsdedotationroullier.org\\\/en\\\/\",\"name\":\"Fonds de Dotation Roullier\",\"description\":\"\",\"publisher\":{\"@id\":\"https:\\\/\\\/www.fondsdedotationroullier.org\\\/en\\\/#organization\"},\"potentialAction\":[{\"@type\":\"SearchAction\",\"target\":{\"@type\":\"EntryPoint\",\"urlTemplate\":\"https:\\\/\\\/www.fondsdedotationroullier.org\\\/en\\\/?s={search_term_string}\"},\"query-input\":{\"@type\":\"PropertyValueSpecification\",\"valueRequired\":true,\"valueName\":\"search_term_string\"}}],\"inLanguage\":\"fr-FR\"},{\"@type\":\"Organization\",\"@id\":\"https:\\\/\\\/www.fondsdedotationroullier.org\\\/en\\\/#organization\",\"name\":\"Fonds de Dotation Roullier\",\"url\":\"https:\\\/\\\/www.fondsdedotationroullier.org\\\/en\\\/\",\"logo\":{\"@type\":\"ImageObject\",\"inLanguage\":\"fr-FR\",\"@id\":\"https:\\\/\\\/www.fondsdedotationroullier.org\\\/en\\\/#\\\/schema\\\/logo\\\/image\\\/\",\"url\":\"https:\\\/\\\/www.fondsdedotationroullier.org\\\/wp-content\\\/uploads\\\/2023\\\/05\\\/Logo_FDR_Noir.png\",\"contentUrl\":\"https:\\\/\\\/www.fondsdedotationroullier.org\\\/wp-content\\\/uploads\\\/2023\\\/05\\\/Logo_FDR_Noir.png\",\"width\":1536,\"height\":591,\"caption\":\"Fonds de Dotation Roullier\"},\"image\":{\"@id\":\"https:\\\/\\\/www.fondsdedotationroullier.org\\\/en\\\/#\\\/schema\\\/logo\\\/image\\\/\"},\"sameAs\":[\"https:\\\/\\\/www.linkedin.com\\\/company\\\/fonds-de-dotation-roullier\\\/\"]}]}<\/script>\n<!-- \/ Yoast SEO plugin. -->","yoast_head_json":{"title":"Chaire Biodiversit\u00e9 et changement climatique - Fonds de Dotation Roullier","description":"le FDR est partenaire de la Chaire \"Biodiversit\u00e9 et Changement Climatique\" \u00e9tudiant les atouts de la biodiversit\u00e9 en agriculture.","robots":{"index":"index","follow":"follow","max-snippet":"max-snippet:-1","max-image-preview":"max-image-preview:large","max-video-preview":"max-video-preview:-1"},"canonical":"https:\/\/www.fondsdedotationroullier.org\/fr\/projet\/chaire-biodiversite-et-changement-climatique\/","og_locale":"fr_FR","og_type":"article","og_title":"Chaire Biodiversit\u00e9 et changement climatique - Fonds de Dotation Roullier","og_description":"le FDR est partenaire de la Chaire \"Biodiversit\u00e9 et Changement Climatique\" \u00e9tudiant les atouts de la biodiversit\u00e9 en agriculture.","og_url":"https:\/\/www.fondsdedotationroullier.org\/fr\/projet\/chaire-biodiversite-et-changement-climatique\/","og_site_name":"Fonds de Dotation Roullier","article_modified_time":"2025-06-10T10:03:26+00:00","og_image":[{"width":400,"height":400,"url":"https:\/\/www.fondsdedotationroullier.org\/wp-content\/uploads\/2022\/07\/Partenariat-sur-la-biodiversite-changement-climatique.jpg","type":"image\/jpeg"}],"twitter_card":"summary_large_image","schema":{"@context":"https:\/\/schema.org","@graph":[{"@type":"WebPage","@id":"https:\/\/www.fondsdedotationroullier.org\/fr\/projet\/chaire-biodiversite-et-changement-climatique\/","url":"https:\/\/www.fondsdedotationroullier.org\/fr\/projet\/chaire-biodiversite-et-changement-climatique\/","name":"Chaire Biodiversit\u00e9 et changement climatique - Fonds de Dotation Roullier","isPartOf":{"@id":"https:\/\/www.fondsdedotationroullier.org\/en\/#website"},"primaryImageOfPage":{"@id":"https:\/\/www.fondsdedotationroullier.org\/fr\/projet\/chaire-biodiversite-et-changement-climatique\/#primaryimage"},"image":{"@id":"https:\/\/www.fondsdedotationroullier.org\/fr\/projet\/chaire-biodiversite-et-changement-climatique\/#primaryimage"},"thumbnailUrl":"https:\/\/www.fondsdedotationroullier.org\/wp-content\/uploads\/2022\/07\/Partenariat-sur-la-biodiversite-changement-climatique.jpg","datePublished":"2022-07-06T14:34:40+00:00","dateModified":"2025-06-10T10:03:26+00:00","description":"le FDR est partenaire de la Chaire \"Biodiversit\u00e9 et Changement Climatique\" \u00e9tudiant les atouts de la biodiversit\u00e9 en agriculture.","breadcrumb":{"@id":"https:\/\/www.fondsdedotationroullier.org\/fr\/projet\/chaire-biodiversite-et-changement-climatique\/#breadcrumb"},"inLanguage":"fr-FR","potentialAction":[{"@type":"ReadAction","target":["https:\/\/www.fondsdedotationroullier.org\/fr\/projet\/chaire-biodiversite-et-changement-climatique\/"]}]},{"@type":"ImageObject","inLanguage":"fr-FR","@id":"https:\/\/www.fondsdedotationroullier.org\/fr\/projet\/chaire-biodiversite-et-changement-climatique\/#primaryimage","url":"https:\/\/www.fondsdedotationroullier.org\/wp-content\/uploads\/2022\/07\/Partenariat-sur-la-biodiversite-changement-climatique.jpg","contentUrl":"https:\/\/www.fondsdedotationroullier.org\/wp-content\/uploads\/2022\/07\/Partenariat-sur-la-biodiversite-changement-climatique.jpg","width":400,"height":400,"caption":"Un partenariat du Fonds de Dotation Roullier sur la biodiversit\u00e9"},{"@type":"BreadcrumbList","@id":"https:\/\/www.fondsdedotationroullier.org\/fr\/projet\/chaire-biodiversite-et-changement-climatique\/#breadcrumb","itemListElement":[{"@type":"ListItem","position":1,"name":"Accueil","item":"https:\/\/www.fondsdedotationroullier.org\/fr\/"},{"@type":"ListItem","position":2,"name":"Chaire Biodiversit\u00e9 et changement climatique"}]},{"@type":"WebSite","@id":"https:\/\/www.fondsdedotationroullier.org\/en\/#website","url":"https:\/\/www.fondsdedotationroullier.org\/en\/","name":"Fonds de Dotation Roullier","description":"","publisher":{"@id":"https:\/\/www.fondsdedotationroullier.org\/en\/#organization"},"potentialAction":[{"@type":"SearchAction","target":{"@type":"EntryPoint","urlTemplate":"https:\/\/www.fondsdedotationroullier.org\/en\/?s={search_term_string}"},"query-input":{"@type":"PropertyValueSpecification","valueRequired":true,"valueName":"search_term_string"}}],"inLanguage":"fr-FR"},{"@type":"Organization","@id":"https:\/\/www.fondsdedotationroullier.org\/en\/#organization","name":"Fonds de Dotation Roullier","url":"https:\/\/www.fondsdedotationroullier.org\/en\/","logo":{"@type":"ImageObject","inLanguage":"fr-FR","@id":"https:\/\/www.fondsdedotationroullier.org\/en\/#\/schema\/logo\/image\/","url":"https:\/\/www.fondsdedotationroullier.org\/wp-content\/uploads\/2023\/05\/Logo_FDR_Noir.png","contentUrl":"https:\/\/www.fondsdedotationroullier.org\/wp-content\/uploads\/2023\/05\/Logo_FDR_Noir.png","width":1536,"height":591,"caption":"Fonds de Dotation Roullier"},"image":{"@id":"https:\/\/www.fondsdedotationroullier.org\/en\/#\/schema\/logo\/image\/"},"sameAs":["https:\/\/www.linkedin.com\/company\/fonds-de-dotation-roullier\/"]}]}},"_links":{"self":[{"href":"https:\/\/www.fondsdedotationroullier.org\/fr\/wp-json\/wp\/v2\/projet\/2207","targetHints":{"allow":["GET"]}}],"collection":[{"href":"https:\/\/www.fondsdedotationroullier.org\/fr\/wp-json\/wp\/v2\/projet"}],"about":[{"href":"https:\/\/www.fondsdedotationroullier.org\/fr\/wp-json\/wp\/v2\/types\/projet"}],"wp:featuredmedia":[{"embeddable":true,"href":"https:\/\/www.fondsdedotationroullier.org\/fr\/wp-json\/wp\/v2\/media\/2216"}],"wp:attachment":[{"href":"https:\/\/www.fondsdedotationroullier.org\/fr\/wp-json\/wp\/v2\/media?parent=2207"}],"curies":[{"name":"wp","href":"https:\/\/api.w.org\/{rel}","templated":true}]}}